{"id":4219,"date":"2023-01-10T12:27:16","date_gmt":"2023-01-10T11:27:16","guid":{"rendered":"https:\/\/beta.klarso.com\/?page_id=4219"},"modified":"2023-05-22T16:45:20","modified_gmt":"2023-05-22T14:45:20","slug":"conferences-and-lectures","status":"publish","type":"page","link":"https:\/\/www.klarso.com\/en\/conferences-and-lectures\/","title":{"rendered":"Test Konferenzen und Vortr\u00e4ge alt"},"content":{"rendered":"<div data-elementor-type=\"wp-page\" data-elementor-id=\"4219\" class=\"elementor elementor-4219\" data-elementor-post-type=\"page\">\n\t\t\t\t\t\t<section class=\"elementor-section elementor-top-section elementor-element elementor-element-1cc3307 elementor-section-boxed elementor-section-height-default elementor-section-height-default\" data-id=\"1cc3307\" data-element_type=\"section\">\n\t\t\t\t\t\t<div class=\"elementor-container elementor-column-gap-default\">\n\t\t\t\t\t<div class=\"elementor-column elementor-col-100 elementor-top-column elementor-element elementor-element-2ccacec\" data-id=\"2ccacec\" data-element_type=\"column\">\n\t\t\t<div class=\"elementor-widget-wrap elementor-element-populated\">\n\t\t\t\t\t\t<section class=\"elementor-section elementor-inner-section elementor-element elementor-element-fd45fcf elementor-section-boxed elementor-section-height-default elementor-section-height-default\" data-id=\"fd45fcf\" data-element_type=\"section\">\n\t\t\t\t\t\t<div class=\"elementor-container elementor-column-gap-default\">\n\t\t\t\t\t<div class=\"elementor-column elementor-col-50 elementor-inner-column elementor-element elementor-element-79b72c5\" data-id=\"79b72c5\" data-element_type=\"column\">\n\t\t\t<div class=\"elementor-widget-wrap elementor-element-populated\">\n\t\t\t\t\t\t<div class=\"elementor-element elementor-element-48feb7b elementor-widget elementor-widget-image\" data-id=\"48feb7b\" data-element_type=\"widget\" data-widget_type=\"image.default\">\n\t\t\t\t<div class=\"elementor-widget-container\">\n\t\t\t<style>\/*! elementor - v3.22.0 - 24-06-2024 *\/\n.elementor-widget-image{text-align:center}.elementor-widget-image a{display:inline-block}.elementor-widget-image a img[src$=\".svg\"]{width:48px}.elementor-widget-image img{vertical-align:middle;display:inline-block}<\/style>\t\t\t\t\t\t\t\t\t\t<img fetchpriority=\"high\" decoding=\"async\" width=\"1024\" height=\"384\" src=\"https:\/\/www.klarso.com\/wp-content\/uploads\/2023\/01\/tekom-jahrestagung-22-1024x384.png\" class=\"attachment-large size-large wp-image-4281\" alt=\"\" srcset=\"https:\/\/www.klarso.com\/wp-content\/uploads\/2023\/01\/tekom-jahrestagung-22-1024x384.png 1024w, https:\/\/www.klarso.com\/wp-content\/uploads\/2023\/01\/tekom-jahrestagung-22-300x113.png 300w, https:\/\/www.klarso.com\/wp-content\/uploads\/2023\/01\/tekom-jahrestagung-22-768x288.png 768w, https:\/\/www.klarso.com\/wp-content\/uploads\/2023\/01\/tekom-jahrestagung-22.png 1200w\" sizes=\"(max-width: 1024px) 100vw, 1024px\" \/>\t\t\t\t\t\t\t\t\t\t\t\t\t<\/div>\n\t\t\t\t<\/div>\n\t\t\t\t\t<\/div>\n\t\t<\/div>\n\t\t\t\t<div class=\"elementor-column elementor-col-50 elementor-inner-column elementor-element elementor-element-5fbf9d3\" data-id=\"5fbf9d3\" data-element_type=\"column\">\n\t\t\t<div class=\"elementor-widget-wrap elementor-element-populated\">\n\t\t\t\t\t\t<div class=\"elementor-element elementor-element-2890e3e elementor-widget elementor-widget-text-editor\" data-id=\"2890e3e\" data-element_type=\"widget\" data-widget_type=\"text-editor.default\">\n\t\t\t\t<div class=\"elementor-widget-container\">\n\t\t\t<style>\/*! elementor - v3.22.0 - 24-06-2024 *\/\n.elementor-widget-text-editor.elementor-drop-cap-view-stacked .elementor-drop-cap{background-color:#69727d;color:#fff}.elementor-widget-text-editor.elementor-drop-cap-view-framed .elementor-drop-cap{color:#69727d;border:3px solid;background-color:transparent}.elementor-widget-text-editor:not(.elementor-drop-cap-view-default) .elementor-drop-cap{margin-top:8px}.elementor-widget-text-editor:not(.elementor-drop-cap-view-default) .elementor-drop-cap-letter{width:1em;height:1em}.elementor-widget-text-editor .elementor-drop-cap{float:left;text-align:center;line-height:1;font-size:50px}.elementor-widget-text-editor .elementor-drop-cap-letter{display:inline-block}<\/style>\t\t\t\t<h2 class=\"elementor-heading-title elementor-size-default elementor-inline-editing pen\" style=\"font-family: Quicksand, sans-serif; font-style: normal; font-weight: var( --e-global-typography-primary-font-weight ); color: var( --e-global-color-primary );\" data-elementor-setting-key=\"title\" data-pen-placeholder=\"Eingabe hier...\">klarso auf der tekom Jahrestagung 2022<\/h2>\t\t\t\t\t\t<\/div>\n\t\t\t\t<\/div>\n\t\t\t\t<div class=\"elementor-element elementor-element-22c4627 elementor-widget elementor-widget-text-editor\" data-id=\"22c4627\" data-element_type=\"widget\" data-widget_type=\"text-editor.default\">\n\t\t\t\t<div class=\"elementor-widget-container\">\n\t\t\t\t\t\t\t<p style=\"color: #203361; font-weight: 500;\"><span style=\"font-size: inherit;\">Nach der Coronapause findet die d<\/span><span style=\"font-size: inherit;\">reit\u00e4gige tekom-Jahrestagung&nbsp;<\/span><span style=\"font-size: inherit;\">inklusive Messe wieder im&nbsp;<\/span><span style=\"font-size: inherit;\">ICS der Messe Stuttgart statt. Klarso ist erstmalig mit einem eigenen Messestand vertreten. In einer Toolpr\u00e4sentation stellen wir die neuen&nbsp;<em>klar:suite<\/em>&nbsp;Features f\u00fcr die technische Redaktion vor. \u00dcber Eigenschaften semantischer Netze erfahren Sie mehr im Fachvortrag, der \u00fcber das Tagungsprogramm&nbsp;<a style=\"font-family: var( --e-global-typography-secondary-font-family ), Sans-serif; font-weight: var( --e-global-typography-secondary-font-weight );\" href=\"https:\/\/jahrestagung.tekom.de\/tagungsprogramm\/detail\/wie-werden-daten-zu-einem-semantischen-netzwerk#1103\">Online<\/a>&nbsp;noch f\u00fcr drei Monate zur Verf\u00fcgung steht.<\/span><\/p>\n<h5 style=\"color: #203361; font-weight: 500;\"><span style=\"font-size: inherit;\"><span style=\"font-weight: bold;\">Ausstellerpr\u00e4sentation:<\/span>&nbsp;8. November, 11:00-11:45, Raum C10.3<\/span><\/h5>\n<h5 style=\"color: #203361; font-weight: 500;\"><span style=\"font-size: inherit;\"><span style=\"font-weight: bold;\">Talk<\/span>&nbsp;10. November 15:05-15:50, Plenum 1<\/span><\/h5>\n<p style=\"color: #203361; font-weight: 500;\"><span style=\"font-size: inherit;\">weiterlesen &gt;<\/span><\/p>\n<h5 style=\"font-family: Quicksand, sans-serif; font-style: normal; color: #203361;\"><b>Wie werden Daten zu einem semantischen Netzwerk<\/b><\/h5>\n<p style=\"color: #203361; font-weight: 500;\">\n<\/p><p style=\"color: #203361; font-weight: 500;\"><span style=\"letter-spacing: 0px; word-spacing: 0em; background-color: var(--base-3);\">Johannes Munk, Katharina Munk<\/span><\/p>\n<p style=\"color: #203361; font-weight: 500;\">Daten k\u00f6nnen aufgrund der Flexibilit\u00e4t von semantischen Netzwerken jederzeit strukturell isomorph integriert werden. Dadurch entsteht prim\u00e4r jedoch ein Datenhaufen, der erst durch sukzessive, bedarfsgetriebene Modellierung mit der jeweils relevanten Bedeutung erschlossen wird. M\u00e4chtige Konzepte wie Mehrfachvererbung, automatische Pfad-Resolver und kontextabh\u00e4ngige Relationen erlauben eine nat\u00fcrliche Repr\u00e4sentation der Zusammenh\u00e4nge.<\/p>\n<h5 style=\"font-family: Quicksand, sans-serif; font-style: normal; color: #203361;\"><b>Intelligente Informationsdienste f\u00fcr komplexe Maschinen und Anlagen mit semantischer Technologie<\/b><\/h5>\n<p style=\"color: #203361; font-weight: 500;\"><span style=\"letter-spacing: 0px; word-spacing: 0em; background-color: var(--base-3);\">Johannes Munk, Katharina Munk<\/span><\/p>\n<p style=\"color: #203361; font-weight: 500;\">In der&nbsp;<em>klar:suite<\/em>&nbsp;werden effizient Informationseinheiten mit z.B. ERP-Daten verkn\u00fcpft und Abh\u00e4ngigkeiten und Eigenschaften modelliert.&nbsp;<em>Klar so<\/em>, dass der Computer die Bedeutung versteht und selbstst\u00e4ndig die Technische Dokumentation zusammenstellt.<\/p>\t\t\t\t\t\t<\/div>\n\t\t\t\t<\/div>\n\t\t\t\t\t<\/div>\n\t\t<\/div>\n\t\t\t\t\t<\/div>\n\t\t<\/section>\n\t\t\t\t\t<\/div>\n\t\t<\/div>\n\t\t\t\t\t<\/div>\n\t\t<\/section>\n\t\t\t\t<section class=\"elementor-section elementor-top-section elementor-element elementor-element-1a6ad2a elementor-section-boxed elementor-section-height-default elementor-section-height-default\" data-id=\"1a6ad2a\" data-element_type=\"section\">\n\t\t\t\t\t\t<div class=\"elementor-container elementor-column-gap-default\">\n\t\t\t\t\t<div class=\"elementor-column elementor-col-100 elementor-top-column elementor-element elementor-element-e0f05fe\" data-id=\"e0f05fe\" data-element_type=\"column\">\n\t\t\t<div class=\"elementor-widget-wrap elementor-element-populated\">\n\t\t\t\t\t\t<section class=\"elementor-section elementor-inner-section elementor-element elementor-element-79d6b6e elementor-section-boxed elementor-section-height-default elementor-section-height-default\" data-id=\"79d6b6e\" data-element_type=\"section\">\n\t\t\t\t\t\t<div class=\"elementor-container elementor-column-gap-default\">\n\t\t\t\t\t<div class=\"elementor-column elementor-col-50 elementor-inner-column elementor-element elementor-element-f6e73a7\" data-id=\"f6e73a7\" data-element_type=\"column\">\n\t\t\t<div class=\"elementor-widget-wrap elementor-element-populated\">\n\t\t\t\t\t\t<div class=\"elementor-element elementor-element-283f576 elementor-widget elementor-widget-text-editor\" data-id=\"283f576\" data-element_type=\"widget\" data-widget_type=\"text-editor.default\">\n\t\t\t\t<div class=\"elementor-widget-container\">\n\t\t\t\t\t\t\t<h2 class=\"elementor-heading-title elementor-size-default elementor-inline-editing pen\" style=\"font-family: Quicksand, sans-serif; font-style: normal; font-weight: var( --e-global-typography-primary-font-weight ); color: var( --e-global-color-primary );\" data-elementor-setting-key=\"title\" data-pen-placeholder=\"Eingabe hier...\">klarso auf der tekom Jahrestagung 2022<\/h2>\t\t\t\t\t\t<\/div>\n\t\t\t\t<\/div>\n\t\t\t\t<div class=\"elementor-element elementor-element-c7b5799 elementor-widget elementor-widget-text-editor\" data-id=\"c7b5799\" data-element_type=\"widget\" data-widget_type=\"text-editor.default\">\n\t\t\t\t<div class=\"elementor-widget-container\">\n\t\t\t\t\t\t\t<h3 style=\"font-family: Quicksand, sans-serif; font-style: normal; color: #203361;\" data-fontsize=\"22\" data-lineheight=\"42\">\u201c<a style=\"font-family: var( --e-global-typography-secondary-font-family ), Sans-serif; font-weight: var( --e-global-typography-secondary-font-weight );\" href=\"https:\/\/ickm2022.fh-potsdam.de\/\">Knowledge, Uncertainty and Risks: From individual to global scale<\/a>\u201d<\/h3><p style=\"color: #203361; font-weight: 500;\">The International Conference on Knowledge Management (ICKM) provides researchers and practitioners from all over the world a forum for discussion and exchange of ideas concerning theoretical and practical aspects of Knowledge Management.<\/p><h5 style=\"color: #203361; font-weight: 500;\">ICKM 2022 will be held\u00a0<span style=\"font-weight: bold;\">June 23-24<\/span>\u00a0at the University of Applied Sciences Potsdam, Germany organized by the\u00a0<a style=\"font-family: var( --e-global-typography-secondary-font-family ), Sans-serif; font-weight: var( --e-global-typography-secondary-font-weight );\" href=\"http:\/\/www.ickm.net\/\" target=\"_blank\" rel=\"noopener noreferrer\">International Council on Knowledge Management (ICKM)<\/a>\u00a0and hosted by the Department of Information Sciences at the University of Applied Sciences Potsdam.<\/h5><p style=\"color: #203361; font-weight: 500;\"><a style=\"font-family: var( --e-global-typography-secondary-font-family ), Sans-serif; font-weight: var( --e-global-typography-secondary-font-weight );\" href=\"https:\/\/dgi-info.de\/\" target=\"_blank\" rel=\"noopener noreferrer\">DGI Track<\/a>, 23.06. 13-14:30<\/p><p style=\"color: #203361; font-weight: 500;\"><span style=\"font-size: inherit;\">weiterlesen &gt;<\/span><\/p><h5 style=\"color: #203361; font-weight: 500;\"><span style=\"font-weight: bold;\">Semantic networks and knowledge management \u2014 context does the trick<\/span><\/h5><p style=\"color: #203361; font-weight: 500;\">Johannes Munk<\/p><p style=\"color: #203361; font-weight: 500;\">Semantic networks combine functions of ontologies, topic maps, taxonomies and thesauri. They model complex relationships and directly transform large amounts of structured and unstructured content into networked units of knowledge. In this way, computer-readable and -usable knowledge bases are created. The creation and maintenance of semantic networks is demand-driven and interactive between humans and computers. With adapted editors, NLP, semantic classification and self-learning processes, context and text comprehension mature gradually and increasingly. Such semantic networks deliver explainable and comprehensible results. They are of great value to researchers and companies in any industry, and open the door for innovative applications \u2013 user-oriented, context- and demand-driven \u2013 both in-house and for customers.<\/p>\t\t\t\t\t\t<\/div>\n\t\t\t\t<\/div>\n\t\t\t\t\t<\/div>\n\t\t<\/div>\n\t\t\t\t<div class=\"elementor-column elementor-col-50 elementor-inner-column elementor-element elementor-element-fbc18e2\" data-id=\"fbc18e2\" data-element_type=\"column\">\n\t\t\t<div class=\"elementor-widget-wrap elementor-element-populated\">\n\t\t\t\t\t\t<div class=\"elementor-element elementor-element-b016c01 elementor-widget elementor-widget-image\" data-id=\"b016c01\" data-element_type=\"widget\" data-widget_type=\"image.default\">\n\t\t\t\t<div class=\"elementor-widget-container\">\n\t\t\t\t\t\t\t\t\t\t\t\t\t<img decoding=\"async\" width=\"1024\" height=\"384\" src=\"https:\/\/www.klarso.com\/wp-content\/uploads\/2023\/01\/Knowlege-Management-Logo-1-1024x384.png\" class=\"attachment-large size-large wp-image-4308\" alt=\"\" srcset=\"https:\/\/www.klarso.com\/wp-content\/uploads\/2023\/01\/Knowlege-Management-Logo-1-1024x384.png 1024w, https:\/\/www.klarso.com\/wp-content\/uploads\/2023\/01\/Knowlege-Management-Logo-1-300x113.png 300w, https:\/\/www.klarso.com\/wp-content\/uploads\/2023\/01\/Knowlege-Management-Logo-1-768x288.png 768w, https:\/\/www.klarso.com\/wp-content\/uploads\/2023\/01\/Knowlege-Management-Logo-1.png 1200w\" sizes=\"(max-width: 1024px) 100vw, 1024px\" \/>\t\t\t\t\t\t\t\t\t\t\t\t\t<\/div>\n\t\t\t\t<\/div>\n\t\t\t\t\t<\/div>\n\t\t<\/div>\n\t\t\t\t\t<\/div>\n\t\t<\/section>\n\t\t\t\t\t<\/div>\n\t\t<\/div>\n\t\t\t\t\t<\/div>\n\t\t<\/section>\n\t\t\t\t<section class=\"elementor-section elementor-top-section elementor-element elementor-element-8b35779 elementor-section-boxed elementor-section-height-default elementor-section-height-default\" data-id=\"8b35779\" data-element_type=\"section\">\n\t\t\t\t\t\t<div class=\"elementor-container elementor-column-gap-default\">\n\t\t\t\t\t<div class=\"elementor-column elementor-col-100 elementor-top-column elementor-element elementor-element-87bbc68\" data-id=\"87bbc68\" data-element_type=\"column\">\n\t\t\t<div class=\"elementor-widget-wrap elementor-element-populated\">\n\t\t\t\t\t\t<section class=\"elementor-section elementor-inner-section elementor-element elementor-element-4389289 elementor-section-boxed elementor-section-height-default elementor-section-height-default\" data-id=\"4389289\" data-element_type=\"section\">\n\t\t\t\t\t\t<div class=\"elementor-container elementor-column-gap-default\">\n\t\t\t\t\t<div class=\"elementor-column elementor-col-50 elementor-inner-column elementor-element elementor-element-fa72667\" data-id=\"fa72667\" data-element_type=\"column\">\n\t\t\t<div class=\"elementor-widget-wrap elementor-element-populated\">\n\t\t\t\t\t\t<div class=\"elementor-element elementor-element-3a95e30 elementor-widget elementor-widget-image\" data-id=\"3a95e30\" data-element_type=\"widget\" data-widget_type=\"image.default\">\n\t\t\t\t<div class=\"elementor-widget-container\">\n\t\t\t\t\t\t\t\t\t\t\t\t\t<img decoding=\"async\" width=\"1024\" height=\"384\" src=\"https:\/\/www.klarso.com\/wp-content\/uploads\/2023\/01\/VDMA-Logo-2-1024x384.png\" class=\"attachment-large size-large wp-image-4316\" alt=\"\" srcset=\"https:\/\/www.klarso.com\/wp-content\/uploads\/2023\/01\/VDMA-Logo-2-1024x384.png 1024w, https:\/\/www.klarso.com\/wp-content\/uploads\/2023\/01\/VDMA-Logo-2-300x113.png 300w, https:\/\/www.klarso.com\/wp-content\/uploads\/2023\/01\/VDMA-Logo-2-768x288.png 768w, https:\/\/www.klarso.com\/wp-content\/uploads\/2023\/01\/VDMA-Logo-2.png 1200w\" sizes=\"(max-width: 1024px) 100vw, 1024px\" \/>\t\t\t\t\t\t\t\t\t\t\t\t\t<\/div>\n\t\t\t\t<\/div>\n\t\t\t\t\t<\/div>\n\t\t<\/div>\n\t\t\t\t<div class=\"elementor-column elementor-col-50 elementor-inner-column elementor-element elementor-element-33f2c3e\" data-id=\"33f2c3e\" data-element_type=\"column\">\n\t\t\t<div class=\"elementor-widget-wrap elementor-element-populated\">\n\t\t\t\t\t\t<div class=\"elementor-element elementor-element-08dcbc0 elementor-widget elementor-widget-text-editor\" data-id=\"08dcbc0\" data-element_type=\"widget\" data-widget_type=\"text-editor.default\">\n\t\t\t\t<div class=\"elementor-widget-container\">\n\t\t\t\t\t\t\t<h2 class=\"elementor-heading-title elementor-size-default elementor-inline-editing pen\" style=\"font-family: Quicksand, sans-serif; font-style: normal; font-weight: var( --e-global-typography-primary-font-weight ); color: var( --e-global-color-primary );\" data-elementor-setting-key=\"title\" data-pen-placeholder=\"Eingabe hier...\">VDMA-Tagung<\/h2>\t\t\t\t\t\t<\/div>\n\t\t\t\t<\/div>\n\t\t\t\t<div class=\"elementor-element elementor-element-764af2c elementor-widget elementor-widget-text-editor\" data-id=\"764af2c\" data-element_type=\"widget\" data-widget_type=\"text-editor.default\">\n\t\t\t\t<div class=\"elementor-widget-container\">\n\t\t\t\t\t\t\t<p><strong>Termin:<\/strong>\u00a0June 2<br \/><strong>Ort:\u00a0<\/strong>Neue Stadthalle Langen,\u00a0S\u00fcdliche Ringstra\u00dfe 77, 63225 Langen<br \/><strong>Dauer:<\/strong>\u00a01 Tag<\/p><p>\"The focus of this year's conference with the theme,\u00a0<strong>Outsourcing-Strategien f\u00fcr eine zukunftsf\u00e4hige technische Dokumentation,\u00a0<\/strong>steht die Frage, wie die\u00a0<strong>Technische Dokumentation\u00a0<\/strong><strong>digitalisiert\u00a0<\/strong>und auf dem neusten Stand der Technik gehalten werden kann, so dass die\u00a0<strong>regulatorischen Anforderungen<\/strong>\u00a0erf\u00fcllt werden und die eigenen Produkte und Services weiterhin f\u00fcr den Kunden attraktiv sind.\u201c<\/p><p>We cordially invite you to the Klarso stand. You can expect a presentation of the\u00a0<em>klar:suite<\/em>\u00a0as\u00a0<strong>Editorial system for technical documentation\u00a0<\/strong>with new innovative solutions for the special requirements of complex technical documentation in plant engineering. We show you how your content can be linked with data from other areas of the company such as marketing and ERP and how you can model natural dependencies in a flexible and expandable way. For individual product configurations, machines and systems, the relevant information units can be automatically compiled and output on demand.<\/p>\t\t\t\t\t\t<\/div>\n\t\t\t\t<\/div>\n\t\t\t\t\t<\/div>\n\t\t<\/div>\n\t\t\t\t\t<\/div>\n\t\t<\/section>\n\t\t\t\t\t<\/div>\n\t\t<\/div>\n\t\t\t\t\t<\/div>\n\t\t<\/section>\n\t\t\t\t<section class=\"elementor-section elementor-top-section elementor-element elementor-element-852d31b elementor-section-boxed elementor-section-height-default elementor-section-height-default\" data-id=\"852d31b\" data-element_type=\"section\">\n\t\t\t\t\t\t<div class=\"elementor-container elementor-column-gap-default\">\n\t\t\t\t\t<div class=\"elementor-column elementor-col-100 elementor-top-column elementor-element elementor-element-4119e49\" data-id=\"4119e49\" data-element_type=\"column\">\n\t\t\t<div class=\"elementor-widget-wrap elementor-element-populated\">\n\t\t\t\t\t\t<section class=\"elementor-section elementor-inner-section elementor-element elementor-element-d61cd22 elementor-section-boxed elementor-section-height-default elementor-section-height-default\" data-id=\"d61cd22\" data-element_type=\"section\">\n\t\t\t\t\t\t<div class=\"elementor-container elementor-column-gap-default\">\n\t\t\t\t\t<div class=\"elementor-column elementor-col-50 elementor-inner-column elementor-element elementor-element-3bb2855\" data-id=\"3bb2855\" data-element_type=\"column\">\n\t\t\t<div class=\"elementor-widget-wrap elementor-element-populated\">\n\t\t\t\t\t\t<div class=\"elementor-element elementor-element-5a42456 elementor-widget elementor-widget-text-editor\" data-id=\"5a42456\" data-element_type=\"widget\" data-widget_type=\"text-editor.default\">\n\t\t\t\t<div class=\"elementor-widget-container\">\n\t\t\t\t\t\t\t<h2 class=\"elementor-heading-title elementor-size-default elementor-inline-editing pen\" style=\"font-family: Quicksand, sans-serif; font-style: normal; font-weight: var( --e-global-typography-primary-font-weight ); color: var( --e-global-color-primary );\" data-elementor-setting-key=\"title\" data-pen-placeholder=\"Eingabe hier...\">klarso auf der tekom Jahrestagung 2022<\/h2>\t\t\t\t\t\t<\/div>\n\t\t\t\t<\/div>\n\t\t\t\t<div class=\"elementor-element elementor-element-07bcb74 elementor-widget elementor-widget-text-editor\" data-id=\"07bcb74\" data-element_type=\"widget\" data-widget_type=\"text-editor.default\">\n\t\t\t\t<div class=\"elementor-widget-container\">\n\t\t\t\t\t\t\t<p><strong>Termin:<\/strong>\u00a006.\/07. April<br \/><strong>Ort:<\/strong>\u00a0Potsdam + Live-\u00dcbertragungen &amp; Showrooms<\/p><p class=\" translation-block\">United under the focus topic <strong>\"User Experience - the \"new normal\"?\"<\/strong>, you can expect a two-day, diversified program of specialist presentations, tutorials and workshops on site in Potsdam. This means plenty of knowledge transfer from industry experts, professional and personal development, exciting presentations, lively discussions and a wide range of networking opportunities. There will also be the opportunity to follow the specialist presentations in a live broadcast by purchasing an online ticket. The respective recordings will be available to all on-site and online visitors for three months.<\/p><p>Unsere Kollegen Johannes Munk und Dr. Katharina Munk laden Sie herzlich am 7.04. um 14:50\u201316:30 zu dem Fachvortrag mit dem Thema \u201e<a href=\"https:\/\/fruehjahrstagung.tekom.de\/programm\/tagungsprogramm\/detail\/semantische-wissensnetze-als-basis-innovativer-services-fuer-nutzungsinformationen\" target=\"_blank\" rel=\"noopener noreferrer\">Semantische Wissensnetze als Basis innovativer Services f\u00fcr Nutzungsinformationen<\/a>\u201c ein.<\/p>\t\t\t\t\t\t<\/div>\n\t\t\t\t<\/div>\n\t\t\t\t\t<\/div>\n\t\t<\/div>\n\t\t\t\t<div class=\"elementor-column elementor-col-50 elementor-inner-column elementor-element elementor-element-273248c\" data-id=\"273248c\" data-element_type=\"column\">\n\t\t\t<div class=\"elementor-widget-wrap elementor-element-populated\">\n\t\t\t\t\t\t<div class=\"elementor-element elementor-element-539de6d elementor-widget elementor-widget-image\" data-id=\"539de6d\" data-element_type=\"widget\" data-widget_type=\"image.default\">\n\t\t\t\t<div class=\"elementor-widget-container\">\n\t\t\t\t\t\t\t\t\t\t\t\t\t<img loading=\"lazy\" decoding=\"async\" width=\"1024\" height=\"367\" src=\"https:\/\/www.klarso.com\/wp-content\/uploads\/2022\/12\/Tekom-Fruehjahr.png-1024x367.jpg\" class=\"attachment-large size-large wp-image-4162\" alt=\"\" srcset=\"https:\/\/www.klarso.com\/wp-content\/uploads\/2022\/12\/Tekom-Fruehjahr.png-1024x367.jpg 1024w, https:\/\/www.klarso.com\/wp-content\/uploads\/2022\/12\/Tekom-Fruehjahr.png-300x108.jpg 300w, https:\/\/www.klarso.com\/wp-content\/uploads\/2022\/12\/Tekom-Fruehjahr.png-768x275.jpg 768w, https:\/\/www.klarso.com\/wp-content\/uploads\/2022\/12\/Tekom-Fruehjahr.png.jpg 1200w\" sizes=\"(max-width: 1024px) 100vw, 1024px\" \/>\t\t\t\t\t\t\t\t\t\t\t\t\t<\/div>\n\t\t\t\t<\/div>\n\t\t\t\t\t<\/div>\n\t\t<\/div>\n\t\t\t\t\t<\/div>\n\t\t<\/section>\n\t\t\t\t\t<\/div>\n\t\t<\/div>\n\t\t\t\t\t<\/div>\n\t\t<\/section>\n\t\t\t\t<\/div>","protected":false},"excerpt":{"rendered":"<p>klarso auf der tekom Jahrestagung 2022 Nach der Coronapause findet die dreit\u00e4gige tekom-Jahrestagung&nbsp;inklusive Messe wieder im&nbsp;ICS der Messe Stuttgart statt. Klarso ist erstmalig mit einem eigenen Messestand vertreten. In einer Toolpr\u00e4sentation stellen wir die neuen&nbsp;klar:suite&nbsp;Features f\u00fcr die technische Redaktion vor. \u00dcber Eigenschaften semantischer Netze erfahren Sie mehr im Fachvortrag, der \u00fcber das Tagungsprogramm&nbsp;Online&nbsp;noch f\u00fcr drei &#8230; <\/p>\n<p class=\"read-more-container\"><a title=\"Test Konferenzen und Vortr\u00e4ge alt\" class=\"read-more button\" href=\"https:\/\/www.klarso.com\/en\/conferences-and-lectures\/#more-4219\" aria-label=\"More on Test Konferenzen und Vortr\u00e4ge alt\">Read more<\/a><\/p>","protected":false},"author":1,"featured_media":13860,"parent":0,"menu_order":0,"comment_status":"closed","ping_status":"closed","template":"","meta":{"footnotes":""},"yoast_head":"<!-- This site is optimized with the Yoast SEO plugin v22.9 - https:\/\/yoast.com\/wordpress\/plugins\/seo\/ -->\n<title>Test Konferenzen und Vortr\u00e4ge alt - Klarso GmbH<\/title>\n<meta name=\"robots\" content=\"index, follow, max-snippet:-1, max-image-preview:large, max-video-preview:-1\" \/>\n<link rel=\"canonical\" href=\"https:\/\/www.klarso.com\/en\/conferences-and-lectures\/\" \/>\n<meta property=\"og:locale\" content=\"en_US\" \/>\n<meta property=\"og:type\" content=\"article\" \/>\n<meta property=\"og:title\" content=\"Test Konferenzen und Vortr\u00e4ge alt - Klarso GmbH\" \/>\n<meta property=\"og:description\" content=\"klarso auf der tekom Jahrestagung 2022 Nach der Coronapause findet die dreit\u00e4gige tekom-Jahrestagung&nbsp;inklusive Messe wieder im&nbsp;ICS der Messe Stuttgart statt. Klarso ist erstmalig mit einem eigenen Messestand vertreten. In einer Toolpr\u00e4sentation stellen wir die neuen&nbsp;klar:suite&nbsp;Features f\u00fcr die technische Redaktion vor. \u00dcber Eigenschaften semantischer Netze erfahren Sie mehr im Fachvortrag, der \u00fcber das Tagungsprogramm&nbsp;Online&nbsp;noch f\u00fcr drei ... Read more\" \/>\n<meta property=\"og:url\" content=\"https:\/\/www.klarso.com\/en\/conferences-and-lectures\/\" \/>\n<meta property=\"og:site_name\" content=\"Klarso GmbH\" \/>\n<meta property=\"article:modified_time\" content=\"2023-05-22T14:45:20+00:00\" \/>\n<meta property=\"og:image\" content=\"https:\/\/www.klarso.com\/wp-content\/uploads\/2023\/01\/03-1024x683.png\" \/>\n\t<meta property=\"og:image:width\" content=\"1024\" \/>\n\t<meta property=\"og:image:height\" content=\"683\" \/>\n\t<meta property=\"og:image:type\" content=\"image\/png\" \/>\n<meta name=\"twitter:card\" content=\"summary_large_image\" \/>\n<meta name=\"twitter:label1\" content=\"Est. reading time\" \/>\n\t<meta name=\"twitter:data1\" content=\"4 minutes\" \/>\n<script type=\"application\/ld+json\" class=\"yoast-schema-graph\">{\"@context\":\"https:\/\/schema.org\",\"@graph\":[{\"@type\":\"WebPage\",\"@id\":\"https:\/\/www.klarso.com\/conferences-and-lectures\/\",\"url\":\"https:\/\/www.klarso.com\/conferences-and-lectures\/\",\"name\":\"Test Konferenzen und Vortr\u00e4ge alt - Klarso GmbH\",\"isPartOf\":{\"@id\":\"https:\/\/www.klarso.com\/#website\"},\"primaryImageOfPage\":{\"@id\":\"https:\/\/www.klarso.com\/conferences-and-lectures\/#primaryimage\"},\"image\":{\"@id\":\"https:\/\/www.klarso.com\/conferences-and-lectures\/#primaryimage\"},\"thumbnailUrl\":\"https:\/\/www.klarso.com\/wp-content\/uploads\/2023\/01\/03.png\",\"datePublished\":\"2023-01-10T11:27:16+00:00\",\"dateModified\":\"2023-05-22T14:45:20+00:00\",\"breadcrumb\":{\"@id\":\"https:\/\/www.klarso.com\/conferences-and-lectures\/#breadcrumb\"},\"inLanguage\":\"en-US\",\"potentialAction\":[{\"@type\":\"ReadAction\",\"target\":[\"https:\/\/www.klarso.com\/conferences-and-lectures\/\"]}]},{\"@type\":\"ImageObject\",\"inLanguage\":\"en-US\",\"@id\":\"https:\/\/www.klarso.com\/conferences-and-lectures\/#primaryimage\",\"url\":\"https:\/\/www.klarso.com\/wp-content\/uploads\/2023\/01\/03.png\",\"contentUrl\":\"https:\/\/www.klarso.com\/wp-content\/uploads\/2023\/01\/03.png\",\"width\":5000,\"height\":3333},{\"@type\":\"BreadcrumbList\",\"@id\":\"https:\/\/www.klarso.com\/conferences-and-lectures\/#breadcrumb\",\"itemListElement\":[{\"@type\":\"ListItem\",\"position\":1,\"name\":\"Startseite\",\"item\":\"https:\/\/www.klarso.com\/\"},{\"@type\":\"ListItem\",\"position\":2,\"name\":\"Test Konferenzen und Vortr\u00e4ge alt\"}]},{\"@type\":\"WebSite\",\"@id\":\"https:\/\/www.klarso.com\/#website\",\"url\":\"https:\/\/www.klarso.com\/\",\"name\":\"Klarso GmbH\",\"description\":\"Semantic Network Technology\",\"publisher\":{\"@id\":\"https:\/\/www.klarso.com\/#organization\"},\"potentialAction\":[{\"@type\":\"SearchAction\",\"target\":{\"@type\":\"EntryPoint\",\"urlTemplate\":\"https:\/\/www.klarso.com\/?s={search_term_string}\"},\"query-input\":\"required name=search_term_string\"}],\"inLanguage\":\"en-US\"},{\"@type\":\"Organization\",\"@id\":\"https:\/\/www.klarso.com\/#organization\",\"name\":\"Klarso GmbH\",\"url\":\"https:\/\/www.klarso.com\/\",\"logo\":{\"@type\":\"ImageObject\",\"inLanguage\":\"en-US\",\"@id\":\"https:\/\/www.klarso.com\/#\/schema\/logo\/image\/\",\"url\":\"https:\/\/www.klarso.com\/wp-content\/uploads\/2021\/05\/Klarso-Logo-mit-Halbkreis.svg\",\"contentUrl\":\"https:\/\/www.klarso.com\/wp-content\/uploads\/2021\/05\/Klarso-Logo-mit-Halbkreis.svg\",\"width\":100,\"height\":100,\"caption\":\"Klarso GmbH\"},\"image\":{\"@id\":\"https:\/\/www.klarso.com\/#\/schema\/logo\/image\/\"}}]}<\/script>\n<!-- \/ Yoast SEO plugin. -->","yoast_head_json":{"title":"Test Konferenzen und Vortr\u00e4ge alt - Klarso GmbH","robots":{"index":"index","follow":"follow","max-snippet":"max-snippet:-1","max-image-preview":"max-image-preview:large","max-video-preview":"max-video-preview:-1"},"canonical":"https:\/\/www.klarso.com\/en\/conferences-and-lectures\/","og_locale":"en_US","og_type":"article","og_title":"Test Konferenzen und Vortr\u00e4ge alt - Klarso GmbH","og_description":"klarso auf der tekom Jahrestagung 2022 Nach der Coronapause findet die dreit\u00e4gige tekom-Jahrestagung&nbsp;inklusive Messe wieder im&nbsp;ICS der Messe Stuttgart statt. Klarso ist erstmalig mit einem eigenen Messestand vertreten. In einer Toolpr\u00e4sentation stellen wir die neuen&nbsp;klar:suite&nbsp;Features f\u00fcr die technische Redaktion vor. \u00dcber Eigenschaften semantischer Netze erfahren Sie mehr im Fachvortrag, der \u00fcber das Tagungsprogramm&nbsp;Online&nbsp;noch f\u00fcr drei ... Read more","og_url":"https:\/\/www.klarso.com\/en\/conferences-and-lectures\/","og_site_name":"Klarso GmbH","article_modified_time":"2023-05-22T14:45:20+00:00","og_image":[{"width":1024,"height":683,"url":"https:\/\/www.klarso.com\/wp-content\/uploads\/2023\/01\/03-1024x683.png","type":"image\/png"}],"twitter_card":"summary_large_image","twitter_misc":{"Est. reading time":"4 minutes"},"schema":{"@context":"https:\/\/schema.org","@graph":[{"@type":"WebPage","@id":"https:\/\/www.klarso.com\/conferences-and-lectures\/","url":"https:\/\/www.klarso.com\/conferences-and-lectures\/","name":"Test Konferenzen und Vortr\u00e4ge alt - Klarso GmbH","isPartOf":{"@id":"https:\/\/www.klarso.com\/#website"},"primaryImageOfPage":{"@id":"https:\/\/www.klarso.com\/conferences-and-lectures\/#primaryimage"},"image":{"@id":"https:\/\/www.klarso.com\/conferences-and-lectures\/#primaryimage"},"thumbnailUrl":"https:\/\/www.klarso.com\/wp-content\/uploads\/2023\/01\/03.png","datePublished":"2023-01-10T11:27:16+00:00","dateModified":"2023-05-22T14:45:20+00:00","breadcrumb":{"@id":"https:\/\/www.klarso.com\/conferences-and-lectures\/#breadcrumb"},"inLanguage":"en-US","potentialAction":[{"@type":"ReadAction","target":["https:\/\/www.klarso.com\/conferences-and-lectures\/"]}]},{"@type":"ImageObject","inLanguage":"en-US","@id":"https:\/\/www.klarso.com\/conferences-and-lectures\/#primaryimage","url":"https:\/\/www.klarso.com\/wp-content\/uploads\/2023\/01\/03.png","contentUrl":"https:\/\/www.klarso.com\/wp-content\/uploads\/2023\/01\/03.png","width":5000,"height":3333},{"@type":"BreadcrumbList","@id":"https:\/\/www.klarso.com\/conferences-and-lectures\/#breadcrumb","itemListElement":[{"@type":"ListItem","position":1,"name":"Startseite","item":"https:\/\/www.klarso.com\/"},{"@type":"ListItem","position":2,"name":"Test Konferenzen und Vortr\u00e4ge alt"}]},{"@type":"WebSite","@id":"https:\/\/www.klarso.com\/#website","url":"https:\/\/www.klarso.com\/","name":"Klarso GmbH","description":"Semantic Network Technology","publisher":{"@id":"https:\/\/www.klarso.com\/#organization"},"potentialAction":[{"@type":"SearchAction","target":{"@type":"EntryPoint","urlTemplate":"https:\/\/www.klarso.com\/?s={search_term_string}"},"query-input":"required name=search_term_string"}],"inLanguage":"en-US"},{"@type":"Organization","@id":"https:\/\/www.klarso.com\/#organization","name":"Klarso GmbH","url":"https:\/\/www.klarso.com\/","logo":{"@type":"ImageObject","inLanguage":"en-US","@id":"https:\/\/www.klarso.com\/#\/schema\/logo\/image\/","url":"https:\/\/www.klarso.com\/wp-content\/uploads\/2021\/05\/Klarso-Logo-mit-Halbkreis.svg","contentUrl":"https:\/\/www.klarso.com\/wp-content\/uploads\/2021\/05\/Klarso-Logo-mit-Halbkreis.svg","width":100,"height":100,"caption":"Klarso GmbH"},"image":{"@id":"https:\/\/www.klarso.com\/#\/schema\/logo\/image\/"}}]}},"_links":{"self":[{"href":"https:\/\/www.klarso.com\/en\/wp-json\/wp\/v2\/pages\/4219"}],"collection":[{"href":"https:\/\/www.klarso.com\/en\/wp-json\/wp\/v2\/pages"}],"about":[{"href":"https:\/\/www.klarso.com\/en\/wp-json\/wp\/v2\/types\/page"}],"author":[{"embeddable":true,"href":"https:\/\/www.klarso.com\/en\/wp-json\/wp\/v2\/users\/1"}],"replies":[{"embeddable":true,"href":"https:\/\/www.klarso.com\/en\/wp-json\/wp\/v2\/comments?post=4219"}],"version-history":[{"count":33,"href":"https:\/\/www.klarso.com\/en\/wp-json\/wp\/v2\/pages\/4219\/revisions"}],"predecessor-version":[{"id":15385,"href":"https:\/\/www.klarso.com\/en\/wp-json\/wp\/v2\/pages\/4219\/revisions\/15385"}],"wp:featuredmedia":[{"embeddable":true,"href":"https:\/\/www.klarso.com\/en\/wp-json\/wp\/v2\/media\/13860"}],"wp:attachment":[{"href":"https:\/\/www.klarso.com\/en\/wp-json\/wp\/v2\/media?parent=4219"}],"curies":[{"name":"wp","href":"https:\/\/api.w.org\/{rel}","templated":true}]}}